{"id":2684,"date":"2024-05-06T20:29:37","date_gmt":"2024-05-06T19:29:37","guid":{"rendered":"https:\/\/jonseredscout.se\/blogg\/?page_id=2684"},"modified":"2024-05-06T20:37:42","modified_gmt":"2024-05-06T19:37:42","slug":"nyhetsarkiv","status":"publish","type":"page","link":"https:\/\/jonseredscout.se\/blogg\/nyhetsarkiv","title":{"rendered":"Nyhetsarkiv"},"content":{"rendered":"\n<div class=\"wp-block-query alignfull is-layout-flow wp-block-query-is-layout-flow\">\n<div class=\"wp-block-group alignfull is-layout-flow wp-block-group-is-layout-flow\" style=\"padding-top:var(--wp--preset--spacing--40);padding-right:var(--wp--preset--spacing--40);padding-bottom:var(--wp--preset--spacing--40);padding-left:var(--wp--preset--spacing--40)\"><ul style=\"text-transform:none;\" class=\"wp-block-post-template is-layout-flow wp-block-post-template-is-layout-flow\"><li class=\"wp-block-post post-2906 post type-post status-publish format-standard hentry category-information\">\n\n<div class=\"wp-block-group is-layout-constrained wp-block-group-is-layout-constrained\">\n<div class=\"wp-block-group is-vertical is-layout-flex wp-container-core-group-is-layout-cedeea28 wp-block-group-is-layout-flex\" style=\"padding-bottom:var(--wp--preset--spacing--80)\"><div style=\"font-size:0.9rem;letter-spacing:1px; margin-top:0;margin-right:0;margin-bottom:0;margin-left:0;\" class=\"has-text-align-left has-link-color wp-elements-fa285dbf8505f845cd77dd2cc938e533 wp-block-post-date has-text-color has-contrast-color\"><time datetime=\"2026-08-30T18:45:59+01:00\">30 augusti 2026<\/time><\/div>\n\n\n<div class=\"wp-block-group is-layout-constrained wp-block-group-is-layout-constrained\" style=\"margin-top:0;margin-bottom:0\"><h3 style=\"font-size:1.6rem;font-style:normal;font-weight:700;line-height:1;\" class=\"has-link-color wp-elements-991462c9bfe091ed5796b48c6cafd2bb wp-block-post-title has-text-color has-contrast-color\"><a href=\"https:\/\/jonseredscout.se\/blogg\/arkiv\/2906\" target=\"_self\" >H\u00f6stl\u00e4ger p\u00e5 Ransberg<\/a><\/h3>\n\n<div style=\"line-height:1.7;\" class=\"has-link-color wp-elements-59bf700a4708b326892ce144a5dbe7b1 wp-block-post-excerpt has-normal-font-size\"><p class=\"wp-block-post-excerpt__excerpt\">Nu \u00e4r det dags att anm\u00e4la er till h\u00f6stens stora l\u00e4ger p\u00e5 Ransbergs herrg\u00e5rd i V\u00e4rmland den 25-27 september. L\u00e4s mer i pdf:en och anm\u00e4l er h\u00e4r: https:\/\/tinyurl.com\/ransberg2026 senast den 9\/9, men g\u00e4rna s\u00e5 snart som m\u00f6jligt. Vi kommer dela mer information, exakt tid och plats n\u00e4r bussen g\u00e5r, packlista med mera s\u00e5 fort vi<\/p><p class=\"wp-block-post-excerpt__more-text\"><a class=\"wp-block-post-excerpt__more-link\" href=\"https:\/\/jonseredscout.se\/blogg\/arkiv\/2906\">L\u00e4s mer&#8230;<\/a><\/p><\/div><\/div>\n<\/div>\n<\/div>\n\n<\/li><li class=\"wp-block-post post-2902 post type-post status-publish format-standard hentry category-information\">\n\n<div class=\"wp-block-group is-layout-constrained wp-block-group-is-layout-constrained\">\n<div class=\"wp-block-group is-vertical is-layout-flex wp-container-core-group-is-layout-cedeea28 wp-block-group-is-layout-flex\" style=\"padding-bottom:var(--wp--preset--spacing--80)\"><div style=\"font-size:0.9rem;letter-spacing:1px; margin-top:0;margin-right:0;margin-bottom:0;margin-left:0;\" class=\"has-text-align-left has-link-color wp-elements-fa285dbf8505f845cd77dd2cc938e533 wp-block-post-date has-text-color has-contrast-color\"><time datetime=\"2026-08-24T20:18:02+01:00\">24 augusti 2026<\/time><\/div>\n\n\n<div class=\"wp-block-group is-layout-constrained wp-block-group-is-layout-constrained\" style=\"margin-top:0;margin-bottom:0\"><h3 style=\"font-size:1.6rem;font-style:normal;font-weight:700;line-height:1;\" class=\"has-link-color wp-elements-991462c9bfe091ed5796b48c6cafd2bb wp-block-post-title has-text-color has-contrast-color\"><a href=\"https:\/\/jonseredscout.se\/blogg\/arkiv\/2902\" target=\"_self\" >Nu \u00e4r vi ig\u00e5ng!<\/a><\/h3>\n\n<div style=\"line-height:1.7;\" class=\"has-link-color wp-elements-59bf700a4708b326892ce144a5dbe7b1 wp-block-post-excerpt has-normal-font-size\"><p class=\"wp-block-post-excerpt__excerpt\">Vad kul att s\u00e5 m\u00e5nga kom, b\u00e5de nya och gamla scouter! H\u00e4r kommer terminsprogrammen f\u00f6r Spejarna, Vandrarna och Nybyggarna. Se till att redan nu boka in h\u00f6stens stora l\u00e4gerhelg den 25-27 september, d\u00e5 vi \u00e5ker till Ransbergs herrg\u00e5rd i V\u00e4rmland f\u00f6r en helg tillsammans med en massa andra scoutk\u00e5rer. Det brukar vara v\u00e4ldigt roligt, s\u00e5<\/p><p class=\"wp-block-post-excerpt__more-text\"><a class=\"wp-block-post-excerpt__more-link\" href=\"https:\/\/jonseredscout.se\/blogg\/arkiv\/2902\">L\u00e4s mer&#8230;<\/a><\/p><\/div><\/div>\n<\/div>\n<\/div>\n\n<\/li><li class=\"wp-block-post post-2895 post type-post status-publish format-standard hentry category-information\">\n\n<div class=\"wp-block-group is-layout-constrained wp-block-group-is-layout-constrained\">\n<div class=\"wp-block-group is-vertical is-layout-flex wp-container-core-group-is-layout-cedeea28 wp-block-group-is-layout-flex\" style=\"padding-bottom:var(--wp--preset--spacing--80)\"><div style=\"font-size:0.9rem;letter-spacing:1px; margin-top:0;margin-right:0;margin-bottom:0;margin-left:0;\" class=\"has-text-align-left has-link-color wp-elements-fa285dbf8505f845cd77dd2cc938e533 wp-block-post-date has-text-color has-contrast-color\"><time datetime=\"2026-08-09T20:44:23+01:00\">09 augusti 2026<\/time><\/div>\n\n\n<div class=\"wp-block-group is-layout-constrained wp-block-group-is-layout-constrained\" style=\"margin-top:0;margin-bottom:0\"><h3 style=\"font-size:1.6rem;font-style:normal;font-weight:700;line-height:1;\" class=\"has-link-color wp-elements-991462c9bfe091ed5796b48c6cafd2bb wp-block-post-title has-text-color has-contrast-color\"><a href=\"https:\/\/jonseredscout.se\/blogg\/arkiv\/2895\" target=\"_self\" >Nu b\u00f6rjar vi snart igen<\/a><\/h3>\n\n<div style=\"line-height:1.7;\" class=\"has-link-color wp-elements-59bf700a4708b326892ce144a5dbe7b1 wp-block-post-excerpt has-normal-font-size\"><p class=\"wp-block-post-excerpt__excerpt\">Nu \u00e4r det inte l\u00e4nge kvar innan vi drar ig\u00e5ng med en massa nya roliga upplevelser och \u00e4ventyr! Vi ses m\u00e5ndagen den 24:e augusti klockan 18:30!<\/p><p class=\"wp-block-post-excerpt__more-text\"><a class=\"wp-block-post-excerpt__more-link\" href=\"https:\/\/jonseredscout.se\/blogg\/arkiv\/2895\">L\u00e4s mer&#8230;<\/a><\/p><\/div><\/div>\n<\/div>\n<\/div>\n\n<\/li><li class=\"wp-block-post post-2887 post type-post status-publish format-standard hentry category-information\">\n\n<div class=\"wp-block-group is-layout-constrained wp-block-group-is-layout-constrained\">\n<div class=\"wp-block-group is-vertical is-layout-flex wp-container-core-group-is-layout-cedeea28 wp-block-group-is-layout-flex\" style=\"padding-bottom:var(--wp--preset--spacing--80)\"><div style=\"font-size:0.9rem;letter-spacing:1px; margin-top:0;margin-right:0;margin-bottom:0;margin-left:0;\" class=\"has-text-align-left has-link-color wp-elements-fa285dbf8505f845cd77dd2cc938e533 wp-block-post-date has-text-color has-contrast-color\"><time datetime=\"2026-02-10T09:35:14+01:00\">10 februari 2026<\/time><\/div>\n\n\n<div class=\"wp-block-group is-layout-constrained wp-block-group-is-layout-constrained\" style=\"margin-top:0;margin-bottom:0\"><h3 style=\"font-size:1.6rem;font-style:normal;font-weight:700;line-height:1;\" class=\"has-link-color wp-elements-991462c9bfe091ed5796b48c6cafd2bb wp-block-post-title has-text-color has-contrast-color\"><a href=\"https:\/\/jonseredscout.se\/blogg\/arkiv\/2887\" target=\"_self\" >\u00c5rets skidresa, 27 februari &#8211; 1 mars<\/a><\/h3>\n\n<div style=\"line-height:1.7;\" class=\"has-link-color wp-elements-59bf700a4708b326892ce144a5dbe7b1 wp-block-post-excerpt has-normal-font-size\"><p class=\"wp-block-post-excerpt__excerpt\">Hej alla Nybyggare och Utmanare !Nu \u00e4r det dags att anm\u00e4la er till \u00e5rets skidresa till V\u00e4rmland. L\u00e4s mer och anm\u00e4l er h\u00e4r: https:\/\/tinyurl.com\/skidresa26Sista anm\u00e4lningsdag \u00e4r den 18 februari, antalet platser \u00e4r begr\u00e4nsat, s\u00e5 anm\u00e4l er i tid om ni vill f\u00f6lja med.OBS! Den h\u00e4r skidresan \u00e4r endast f\u00f6r Nybyggare och Utmanare.<\/p><p class=\"wp-block-post-excerpt__more-text\"><a class=\"wp-block-post-excerpt__more-link\" href=\"https:\/\/jonseredscout.se\/blogg\/arkiv\/2887\">L\u00e4s mer&#8230;<\/a><\/p><\/div><\/div>\n<\/div>\n<\/div>\n\n<\/li><li class=\"wp-block-post post-2882 post type-post status-publish format-standard hentry category-information\">\n\n<div class=\"wp-block-group is-layout-constrained wp-block-group-is-layout-constrained\">\n<div class=\"wp-block-group is-vertical is-layout-flex wp-container-core-group-is-layout-cedeea28 wp-block-group-is-layout-flex\" style=\"padding-bottom:var(--wp--preset--spacing--80)\"><div style=\"font-size:0.9rem;letter-spacing:1px; margin-top:0;margin-right:0;margin-bottom:0;margin-left:0;\" class=\"has-text-align-left has-link-color wp-elements-fa285dbf8505f845cd77dd2cc938e533 wp-block-post-date has-text-color has-contrast-color\"><time datetime=\"2026-02-10T09:31:24+01:00\">10 februari 2026<\/time><\/div>\n\n\n<div class=\"wp-block-group is-layout-constrained wp-block-group-is-layout-constrained\" style=\"margin-top:0;margin-bottom:0\"><h3 style=\"font-size:1.6rem;font-style:normal;font-weight:700;line-height:1;\" class=\"has-link-color wp-elements-991462c9bfe091ed5796b48c6cafd2bb wp-block-post-title has-text-color has-contrast-color\"><a href=\"https:\/\/jonseredscout.se\/blogg\/arkiv\/2882\" target=\"_self\" >Terminsprogrammen<\/a><\/h3>\n\n<div style=\"line-height:1.7;\" class=\"has-link-color wp-elements-59bf700a4708b326892ce144a5dbe7b1 wp-block-post-excerpt has-normal-font-size\"><p class=\"wp-block-post-excerpt__excerpt\">H\u00e4r \u00e4r terminsprogrammen f\u00f6r Jonsered Scoutk\u00e5r, v\u00e5rterminen 2026<\/p><p class=\"wp-block-post-excerpt__more-text\"><a class=\"wp-block-post-excerpt__more-link\" href=\"https:\/\/jonseredscout.se\/blogg\/arkiv\/2882\">L\u00e4s mer&#8230;<\/a><\/p><\/div><\/div>\n<\/div>\n<\/div>\n\n<\/li><li class=\"wp-block-post post-2879 post type-post status-publish format-standard hentry category-information\">\n\n<div class=\"wp-block-group is-layout-constrained wp-block-group-is-layout-constrained\">\n<div class=\"wp-block-group is-vertical is-layout-flex wp-container-core-group-is-layout-cedeea28 wp-block-group-is-layout-flex\" style=\"padding-bottom:var(--wp--preset--spacing--80)\"><div style=\"font-size:0.9rem;letter-spacing:1px; margin-top:0;margin-right:0;margin-bottom:0;margin-left:0;\" class=\"has-text-align-left has-link-color wp-elements-fa285dbf8505f845cd77dd2cc938e533 wp-block-post-date has-text-color has-contrast-color\"><time datetime=\"2026-01-19T09:57:34+01:00\">19 januari 2026<\/time><\/div>\n\n\n<div class=\"wp-block-group is-layout-constrained wp-block-group-is-layout-constrained\" style=\"margin-top:0;margin-bottom:0\"><h3 style=\"font-size:1.6rem;font-style:normal;font-weight:700;line-height:1;\" class=\"has-link-color wp-elements-991462c9bfe091ed5796b48c6cafd2bb wp-block-post-title has-text-color has-contrast-color\"><a href=\"https:\/\/jonseredscout.se\/blogg\/arkiv\/2879\" target=\"_self\" >Nu b\u00f6rjar vi igen!<\/a><\/h3>\n\n<div style=\"line-height:1.7;\" class=\"has-link-color wp-elements-59bf700a4708b326892ce144a5dbe7b1 wp-block-post-excerpt has-normal-font-size\"><p class=\"wp-block-post-excerpt__excerpt\">Nu \u00e4r det \u00e4ntligen dags att starta upp v\u00e5rterminen 2026. V\u00e4lkomna till oss ikv\u00e4ll kl 18:30-20:00!<\/p><p class=\"wp-block-post-excerpt__more-text\"><a class=\"wp-block-post-excerpt__more-link\" href=\"https:\/\/jonseredscout.se\/blogg\/arkiv\/2879\">L\u00e4s mer&#8230;<\/a><\/p><\/div><\/div>\n<\/div>\n<\/div>\n\n<\/li><li class=\"wp-block-post post-2875 post type-post status-publish format-standard hentry category-information\">\n\n<div class=\"wp-block-group is-layout-constrained wp-block-group-is-layout-constrained\">\n<div class=\"wp-block-group is-vertical is-layout-flex wp-container-core-group-is-layout-cedeea28 wp-block-group-is-layout-flex\" style=\"padding-bottom:var(--wp--preset--spacing--80)\"><div style=\"font-size:0.9rem;letter-spacing:1px; margin-top:0;margin-right:0;margin-bottom:0;margin-left:0;\" class=\"has-text-align-left has-link-color wp-elements-fa285dbf8505f845cd77dd2cc938e533 wp-block-post-date has-text-color has-contrast-color\"><time datetime=\"2026-01-19T09:56:10+01:00\">19 januari 2026<\/time><\/div>\n\n\n<div class=\"wp-block-group is-layout-constrained wp-block-group-is-layout-constrained\" style=\"margin-top:0;margin-bottom:0\"><h3 style=\"font-size:1.6rem;font-style:normal;font-weight:700;line-height:1;\" class=\"has-link-color wp-elements-991462c9bfe091ed5796b48c6cafd2bb wp-block-post-title has-text-color has-contrast-color\"><a href=\"https:\/\/jonseredscout.se\/blogg\/arkiv\/2875\" target=\"_self\" >Vinterl\u00e4ger 24-25 januari<\/a><\/h3>\n\n<div style=\"line-height:1.7;\" class=\"has-link-color wp-elements-59bf700a4708b326892ce144a5dbe7b1 wp-block-post-excerpt has-normal-font-size\"><p class=\"wp-block-post-excerpt__excerpt\">Nu \u00e4r det \u00e4ntligen dags f\u00f6r alla Vandrare och Nybyggare att f\u00f6lja med p\u00e5 v\u00e5rt mysigaoch frostiga vinterl\u00e4ger! Vi tr\u00e4ffas vid Jonsereds herrg\u00e5rd kl 10:30 och vandrar tillsammans till v\u00e5r stugaRamsj\u00f6\u00e5s, d\u00e4r vi hj\u00e4lps \u00e5t att s\u00e4tta upp v\u00e5rt rymliga milit\u00e4rt\u00e4lt med plats f\u00f6r upp\u00e5t 20scouter och med en varm och sk\u00f6n kamin i mitten<\/p><p class=\"wp-block-post-excerpt__more-text\"><a class=\"wp-block-post-excerpt__more-link\" href=\"https:\/\/jonseredscout.se\/blogg\/arkiv\/2875\">L\u00e4s mer&#8230;<\/a><\/p><\/div><\/div>\n<\/div>\n<\/div>\n\n<\/li><li class=\"wp-block-post post-2871 post type-post status-publish format-standard hentry category-information\">\n\n<div class=\"wp-block-group is-layout-constrained wp-block-group-is-layout-constrained\">\n<div class=\"wp-block-group is-vertical is-layout-flex wp-container-core-group-is-layout-cedeea28 wp-block-group-is-layout-flex\" style=\"padding-bottom:var(--wp--preset--spacing--80)\"><div style=\"font-size:0.9rem;letter-spacing:1px; margin-top:0;margin-right:0;margin-bottom:0;margin-left:0;\" class=\"has-text-align-left has-link-color wp-elements-fa285dbf8505f845cd77dd2cc938e533 wp-block-post-date has-text-color has-contrast-color\"><time datetime=\"2025-11-19T20:16:56+01:00\">19 november 2025<\/time><\/div>\n\n\n<div class=\"wp-block-group is-layout-constrained wp-block-group-is-layout-constrained\" style=\"margin-top:0;margin-bottom:0\"><h3 style=\"font-size:1.6rem;font-style:normal;font-weight:700;line-height:1;\" class=\"has-link-color wp-elements-991462c9bfe091ed5796b48c6cafd2bb wp-block-post-title has-text-color has-contrast-color\"><a href=\"https:\/\/jonseredscout.se\/blogg\/arkiv\/2871\" target=\"_self\" >Jul i Jonsered, 6-7 december<\/a><\/h3>\n\n<div style=\"line-height:1.7;\" class=\"has-link-color wp-elements-59bf700a4708b326892ce144a5dbe7b1 wp-block-post-excerpt has-normal-font-size\"><p class=\"wp-block-post-excerpt__excerpt\">Hej alla scouter och f\u00f6r\u00e4ldrar! Helgen den 6\u20137 december deltar Jonsered Scoutk\u00e5r p\u00e5 julmarknaden i Jonsereds Fabriker. Det \u00e4r ett viktigt tillf\u00e4lle f\u00f6r oss att visa upp v\u00e5r verksamhet, kanske rekrytera nya scouter och ledare \u2013 och samtidigt samla in pengar till framtida aktiviteter. Men f\u00f6r att detta ska bli m\u00f6jligt beh\u00f6ver vi er hj\u00e4lp<\/p><p class=\"wp-block-post-excerpt__more-text\"><a class=\"wp-block-post-excerpt__more-link\" href=\"https:\/\/jonseredscout.se\/blogg\/arkiv\/2871\">L\u00e4s mer&#8230;<\/a><\/p><\/div><\/div>\n<\/div>\n<\/div>\n\n<\/li><\/ul><\/div>\n\n\n\n<div class=\"wp-block-group is-content-justification-left is-layout-constrained wp-container-core-group-is-layout-9821ac42 wp-block-group-is-layout-constrained\" style=\"margin-top:0;margin-bottom:0;padding-top:0;padding-right:var(--wp--preset--spacing--40);padding-bottom:var(--wp--preset--spacing--40);padding-left:var(--wp--preset--spacing--40)\"><nav class=\"alignfull wp-block-query-pagination is-content-justification-center is-nowrap is-layout-flex wp-container-core-query-pagination-is-layout-23441af8 wp-block-query-pagination-is-layout-flex\" aria-label=\"Sidonumrering\">\n\n\n<a href=\"\/blogg\/wp-json\/wp\/v2\/pages\/2684?query-31-page=2\" style=\"font-size:0.9rem;text-transform:uppercase;letter-spacing:1px;\" class=\"wp-elements-165a8aa96a7546446f11c5f70728c230 wp-block-query-pagination-next\">N\u00e4sta sida<span class='wp-block-query-pagination-next-arrow is-arrow-arrow' aria-hidden='true'>\u2192<\/span><\/a>\n<\/nav><\/div>\n<\/div>\n","protected":false},"excerpt":{"rendered":"","protected":false},"author":15,"featured_media":0,"parent":0,"menu_order":0,"comment_status":"closed","ping_status":"closed","template":"","meta":{"_uag_custom_page_level_css":"","_themeisle_gutenberg_block_has_review":false,"footnotes":""},"class_list":["post-2684","page","type-page","status-publish","hentry"],"uagb_featured_image_src":{"full":false,"thumbnail":false,"medium":false,"medium_large":false,"large":false,"1536x1536":false,"2048x2048":false},"uagb_author_info":{"display_name":"Nicklas","author_link":"https:\/\/jonseredscout.se\/blogg\/arkiv\/author\/nicklas"},"uagb_comment_info":0,"uagb_excerpt":null,"publishpress_future_action":{"enabled":false,"date":"2026-09-11 16:36:59","action":"change-status","newStatus":"draft","terms":[],"taxonomy":"","extraData":[]},"publishpress_future_workflow_manual_trigger":{"enabledWorkflows":[]},"_links":{"self":[{"href":"https:\/\/jonseredscout.se\/blogg\/wp-json\/wp\/v2\/pages\/2684","targetHints":{"allow":["GET"]}}],"collection":[{"href":"https:\/\/jonseredscout.se\/blogg\/wp-json\/wp\/v2\/pages"}],"about":[{"href":"https:\/\/jonseredscout.se\/blogg\/wp-json\/wp\/v2\/types\/page"}],"author":[{"embeddable":true,"href":"https:\/\/jonseredscout.se\/blogg\/wp-json\/wp\/v2\/users\/15"}],"replies":[{"embeddable":true,"href":"https:\/\/jonseredscout.se\/blogg\/wp-json\/wp\/v2\/comments?post=2684"}],"version-history":[{"count":7,"href":"https:\/\/jonseredscout.se\/blogg\/wp-json\/wp\/v2\/pages\/2684\/revisions"}],"predecessor-version":[{"id":2694,"href":"https:\/\/jonseredscout.se\/blogg\/wp-json\/wp\/v2\/pages\/2684\/revisions\/2694"}],"wp:attachment":[{"href":"https:\/\/jonseredscout.se\/blogg\/wp-json\/wp\/v2\/media?parent=2684"}],"curies":[{"name":"wp","href":"https:\/\/api.w.org\/{rel}","templated":true}]}}